{"id":97,"date":"2020-09-21T11:39:46","date_gmt":"2020-09-21T09:39:46","guid":{"rendered":"http:\/\/www.korosi.cz\/?page_id=97"},"modified":"2020-09-21T11:39:46","modified_gmt":"2020-09-21T09:39:46","slug":"oplechovani-kominu-klempirske-a-zednicke-prace","status":"publish","type":"page","link":"https:\/\/www.korosi.cz\/index.php\/nase-sluzby\/opravy-kominu\/oplechovani-kominu-klempirske-a-zednicke-prace\/","title":{"rendered":"Oplechov\u00e1n\u00ed kom\u00edn\u016f, klemp\u00ed\u0159sk\u00e9 a zednick\u00e9 pr\u00e1ce"},"content":{"rendered":"\n<h1 class=\"wp-block-heading\">Oplechov\u00e1n\u00ed kom\u00edn\u016f, klemp\u00ed\u0159sk\u00e9 a zednick\u00e9 pr\u00e1ce na kom\u00ednech<\/h1>\n\n\n\n<p><strong>Kominictv\u00ed<\/strong>\u00a0<strong>K\u00f6r\u00f6si Josef <\/strong>z Fulneku prov\u00e1d\u00ed oplechov\u00e1n\u00ed prostupu kom\u00ednov\u00e9ho \u200bt\u011blesa st\u0159e\u0161n\u00ed krytinou. V\u00fdb\u011br pou\u017eit\u00e9ho materi\u00e1lu v\u010detn\u011b barvy z\u00e1le\u017e\u00ed na po\u017eadavc\u00edch z\u00e1kazn\u00edka.<\/p>\n\n\n\n<p>D\u00e1le vyr\u00e1b\u00edme st\u0159e\u0161n\u00ed vik\u00fd\u0159ov\u00e1 okna pro p\u0159\u00edstup na st\u0159echu, r\u016fzn\u00e9 typy st\u0159\u00ed\u0161ek dle p\u0159\u00e1n\u00ed z\u00e1kazn\u00edka a men\u0161\u00ed klemp\u00ed\u0159sk\u00e9 pr\u00e1ce.<\/p>\n\n\n\n<p>Pokud je kom\u00ednov\u00e9 zdivo v nadst\u0159e\u0161n\u00ed \u010d\u00e1sti zachoval\u00e9 prov\u00e1d\u00edme pouze p\u0159esp\u00e1rov\u00e1n\u00ed sp\u00e1r nebo om\u00edtnut\u00ed kom\u00ednu.<\/p>\n\n\n\n<figure class=\"wp-block-image size-large\"><img loading=\"lazy\" decoding=\"async\" width=\"270\" height=\"202\" src=\"http:\/\/www.korosi.cz\/wp-content\/uploads\/2020\/09\/oplechovani1.jpg\" alt=\"\" class=\"wp-image-98\" srcset=\"https:\/\/www.korosi.cz\/wp-content\/uploads\/2020\/09\/oplechovani1.jpg 270w, https:\/\/www.korosi.cz\/wp-content\/uploads\/2020\/09\/oplechovani1-147x110.jpg 147w\" sizes=\"(max-width: 270px) 100vw, 270px\" \/><\/figure>\n\n\n\n<p>Pro v\u00edce informac\u00ed n\u00e1s nev\u00e1hejte <a href=\"http:\/\/www.korosi.cz\/index.php\/kontaktni-informace\/\" data-type=\"page\" data-id=\"10\">kontaktovat<\/a>.<\/p>\n","protected":false},"excerpt":{"rendered":"<p>Oplechov\u00e1n\u00ed kom\u00edn\u016f, klemp\u00ed\u0159sk\u00e9 a zednick\u00e9 pr\u00e1ce na kom\u00ednech Kominictv\u00ed\u00a0K\u00f6r\u00f6si Josef z Fulneku prov\u00e1d\u00ed oplechov\u00e1n\u00ed prostupu kom\u00ednov\u00e9ho \u200bt\u011blesa st\u0159e\u0161n\u00ed krytinou. V\u00fdb\u011br pou\u017eit\u00e9ho materi\u00e1lu v\u010detn\u011b barvy z\u00e1le\u017e\u00ed na po\u017eadavc\u00edch z\u00e1kazn\u00edka. D\u00e1le vyr\u00e1b\u00edme st\u0159e\u0161n\u00ed vik\u00fd\u0159ov\u00e1 okna pro p\u0159\u00edstup na st\u0159echu, r\u016fzn\u00e9 typy st\u0159\u00ed\u0161ek dle p\u0159\u00e1n\u00ed z\u00e1kazn\u00edka a men\u0161\u00ed klemp\u00ed\u0159sk\u00e9 pr\u00e1ce. Pokud je kom\u00ednov\u00e9 zdivo v nadst\u0159e\u0161n\u00ed \u010d\u00e1sti zachoval\u00e9 [&hellip;]<\/p>\n","protected":false},"author":1,"featured_media":0,"parent":84,"menu_order":0,"comment_status":"closed","ping_status":"closed","template":"","meta":{"footnotes":""},"_links":{"self":[{"href":"https:\/\/www.korosi.cz\/index.php\/wp-json\/wp\/v2\/pages\/97"}],"collection":[{"href":"https:\/\/www.korosi.cz\/index.php\/wp-json\/wp\/v2\/pages"}],"about":[{"href":"https:\/\/www.korosi.cz\/index.php\/wp-json\/wp\/v2\/types\/page"}],"author":[{"embeddable":true,"href":"https:\/\/www.korosi.cz\/index.php\/wp-json\/wp\/v2\/users\/1"}],"replies":[{"embeddable":true,"href":"https:\/\/www.korosi.cz\/index.php\/wp-json\/wp\/v2\/comments?post=97"}],"version-history":[{"count":1,"href":"https:\/\/www.korosi.cz\/index.php\/wp-json\/wp\/v2\/pages\/97\/revisions"}],"predecessor-version":[{"id":99,"href":"https:\/\/www.korosi.cz\/index.php\/wp-json\/wp\/v2\/pages\/97\/revisions\/99"}],"up":[{"embeddable":true,"href":"https:\/\/www.korosi.cz\/index.php\/wp-json\/wp\/v2\/pages\/84"}],"wp:attachment":[{"href":"https:\/\/www.korosi.cz\/index.php\/wp-json\/wp\/v2\/media?parent=97"}],"curies":[{"name":"wp","href":"https:\/\/api.w.org\/{rel}","templated":true}]}}