{"id":53,"date":"2020-09-21T11:13:50","date_gmt":"2020-09-21T09:13:50","guid":{"rendered":"http:\/\/www.korosi.cz\/?page_id=53"},"modified":"2020-09-21T11:25:08","modified_gmt":"2020-09-21T09:25:08","slug":"krby-krbova-kamna-a-krbove-vlozky","status":"publish","type":"page","link":"https:\/\/www.korosi.cz\/index.php\/nase-sluzby\/krby-krbova-kamna-a-krbove-vlozky\/","title":{"rendered":"Krby, krbov\u00e1 kamna a krbov\u00e9 vlo\u017eky"},"content":{"rendered":"\n<p>Na\u0161e kominick\u00e1 firma K\u00f6r\u00f6si Josef&nbsp;nab\u00edz\u00ed krby, krbov\u00e1 kamna a krbov\u00e9 vlo\u017eky.&nbsp;<\/p>\n\n\n\n<div class=\"wp-block-image\"><figure class=\"alignright size-large\"><img loading=\"lazy\" decoding=\"async\" width=\"270\" height=\"258\" src=\"http:\/\/www.korosi.cz\/wp-content\/uploads\/2020\/09\/krby1.jpg\" alt=\"\" class=\"wp-image-56\" srcset=\"https:\/\/www.korosi.cz\/wp-content\/uploads\/2020\/09\/krby1.jpg 270w, https:\/\/www.korosi.cz\/wp-content\/uploads\/2020\/09\/krby1-115x110.jpg 115w, https:\/\/www.korosi.cz\/wp-content\/uploads\/2020\/09\/krby1-262x250.jpg 262w\" sizes=\"(max-width: 270px) 100vw, 270px\" \/><\/figure><\/div>\n\n\n\n<p>\u200b\u200bSpecializujeme se na atypick\u00e9 stavby krb\u016f, ale dod\u00e1v\u00e1me a montujeme i typizovan\u00e9 krby. Prov\u00e1d\u00edme mont\u00e1\u017e krb\u016f na d\u0159evo, teplovzdu\u0161n\u00fdch i teplovodn\u00edch (s krbovou vlo\u017ekou).<\/p>\n\n\n\n<p>U teplovzdu\u0161n\u00fdch krb\u016f prov\u00e1d\u00edme nucen\u00e9 i samovoln\u00e9 regulovateln\u00e9 rozvody tepla do cel\u00e9ho domu. Zajist\u00edme t\u00e9\u017e dod\u00e1n\u00ed a mont\u00e1\u017e r\u016fzn\u00fdch druh\u016f krbov\u00fdch kamen. Vzhledem k dlouholet\u00fdm zku\u0161enostem v oboru kominictv\u00ed, dod\u00e1v\u00e1me krby v\u010detn\u011b vy\u0159e\u0161en\u00ed kou\u0159ov\u00e9 cesty (stavba kom\u00ednu, fr\u00e9zov\u00e1n\u00ed star\u00e9ho kom\u00ednu, fas\u00e1dn\u00ed kom\u00edny,&#8230; ).<\/p>\n\n\n\n<h2 class=\"wp-block-heading\"><strong>Krby<\/strong>\u200b\u200b<\/h2>\n\n\n\n<p>Krby v interi\u00e9ru mohou obsahovat p\u0159\u00edm\u00e9 ohni\u0161t\u011b. St\u00e1le \u010dast\u011bji se v\u0161ak stav\u00ed krby s krbovou vlo\u017ekou. D\u016fvod je z\u0159ejm\u00fd, d\u00edky uzav\u0159en\u00e9mu ohni\u0161ti se zvy\u0161uje \u00fa\u010dinnost a\u017e na 80 procent. \u00da\u010dinnost krbu s otev\u0159en\u00fdm ohni\u0161t\u011bm se pohybuje okolo 15 procent. Uzav\u0159en\u00e9 ohni\u0161t\u011b je tak\u00e9 mnohem bezpe\u010dn\u011bj\u0161\u00ed ekonomick\u00fd zdroj tepla.<\/p>\n\n\n\n<p>P\u0159i po\u0159izov\u00e1n\u00ed krb\u016f m\u016f\u017eeme vyu\u017e\u00edt krbov\u00e9 stavebnice, kter\u00e9 obsahuj\u00ed komplet pro sestaven\u00ed krbu. Na na\u0161em trhu je tak\u00e9 nep\u0159ebern\u00e9 mno\u017estv\u00ed krbov\u00fdch vlo\u017eek r\u016fzn\u00fdch cenov\u00fdch hladin a s r\u016fznou kvalitou.<\/p>\n\n\n\n<div class=\"wp-block-group\"><div class=\"wp-block-group__inner-container is-layout-flow wp-block-group-is-layout-flow\">\n<figure class=\"wp-block-gallery columns-3 is-cropped wp-block-gallery-1 is-layout-flex wp-block-gallery-is-layout-flex\"><ul class=\"blocks-gallery-grid\"><li class=\"blocks-gallery-item\"><figure><a href=\"http:\/\/www.korosi.cz\/wp-content\/uploads\/2020\/09\/krby2.jpg\"><img loading=\"lazy\" decoding=\"async\" width=\"150\" height=\"150\" src=\"http:\/\/www.korosi.cz\/wp-content\/uploads\/2020\/09\/krby2-150x150.jpg\" alt=\"\" data-id=\"58\" data-full-url=\"http:\/\/www.korosi.cz\/wp-content\/uploads\/2020\/09\/krby2.jpg\" data-link=\"http:\/\/www.korosi.cz\/index.php\/nase-sluzby\/krby-krbova-kamna-a-krbove-vlozky\/krby2\/\" class=\"wp-image-58\"\/><\/a><\/figure><\/li><li class=\"blocks-gallery-item\"><figure><a href=\"http:\/\/www.korosi.cz\/wp-content\/uploads\/2020\/09\/krby3.jpg\"><img loading=\"lazy\" decoding=\"async\" width=\"150\" height=\"150\" src=\"http:\/\/www.korosi.cz\/wp-content\/uploads\/2020\/09\/krby3-150x150.jpg\" alt=\"\" data-id=\"61\" data-full-url=\"http:\/\/www.korosi.cz\/wp-content\/uploads\/2020\/09\/krby3.jpg\" data-link=\"http:\/\/www.korosi.cz\/index.php\/nase-sluzby\/krby-krbova-kamna-a-krbove-vlozky\/krby3\/\" class=\"wp-image-61\"\/><\/a><\/figure><\/li><li class=\"blocks-gallery-item\"><figure><a href=\"http:\/\/www.korosi.cz\/wp-content\/uploads\/2020\/09\/krby4.jpg\"><img loading=\"lazy\" decoding=\"async\" width=\"148\" height=\"150\" src=\"http:\/\/www.korosi.cz\/wp-content\/uploads\/2020\/09\/krby4-148x150.jpg\" alt=\"\" data-id=\"62\" data-full-url=\"http:\/\/www.korosi.cz\/wp-content\/uploads\/2020\/09\/krby4.jpg\" data-link=\"http:\/\/www.korosi.cz\/index.php\/nase-sluzby\/krby-krbova-kamna-a-krbove-vlozky\/krby4\/\" class=\"wp-image-62\"\/><\/a><\/figure><\/li><\/ul><\/figure>\n<\/div><\/div>\n\n\n\n<h2 class=\"wp-block-heading\"><strong>Krbov\u00e1 kamna<\/strong>\u200b\u200b<\/h2>\n\n\n\n<p>V na\u0161\u00ed nab\u00eddce m\u00e1me \u0161irok\u00fd sortiment krbov\u00fdch kamen od \u010desk\u00e9ho v\u00fdrobce v kvalitn\u00edm proveden\u00ed od standard\u016f a\u017e po luxus.<\/p>\n\n\n\n<p>Pro spr\u00e1vn\u00fd provoz krbov\u00fdch kamen je pot\u0159ebn\u00fd funk\u010dn\u00ed kom\u00edn s minim\u00e1ln\u00edm pr\u016fchodem o pr\u016fm\u011bru 150 mm.<\/p>\n\n\n\n<p>V p\u0159\u00edpad\u011b, \u017ee z\u00e1kazn\u00edk nem\u00e1 v po\u017eadovan\u00e9m m\u00edst\u011b kom\u00edn je mo\u017en\u00e9 tuto situaci \u0159e\u0161it dodate\u010dnou mont\u00e1\u017e\u00ed dvoupl\u00e1\u0161\u0165ov\u00e9ho nerezov\u00e9ho kom\u00edna.<\/p>\n\n\n\n<p>N\u011bkdy je pot\u0159eba \u0159e\u0161it i podlahu pod kamny a v jejich t\u011bsn\u00e9 bl\u00edzkosti. Tuto situaci V\u00e1m pom\u016f\u017eeme \u0159e\u0161it od poradenstv\u00ed a\u017e po realizaci.<\/p>\n\n\n\n<figure class=\"wp-block-gallery columns-3 is-cropped wp-block-gallery-2 is-layout-flex wp-block-gallery-is-layout-flex\"><ul class=\"blocks-gallery-grid\"><li class=\"blocks-gallery-item\"><figure><a href=\"http:\/\/www.korosi.cz\/wp-content\/uploads\/2020\/09\/krby5.jpg\"><img loading=\"lazy\" decoding=\"async\" width=\"150\" height=\"150\" src=\"http:\/\/www.korosi.cz\/wp-content\/uploads\/2020\/09\/krby5-150x150.jpg\" alt=\"\" data-id=\"67\" data-full-url=\"http:\/\/www.korosi.cz\/wp-content\/uploads\/2020\/09\/krby5.jpg\" data-link=\"http:\/\/www.korosi.cz\/index.php\/nase-sluzby\/krby-krbova-kamna-a-krbove-vlozky\/krby5\/\" class=\"wp-image-67\"\/><\/a><\/figure><\/li><li class=\"blocks-gallery-item\"><figure><a href=\"http:\/\/www.korosi.cz\/wp-content\/uploads\/2020\/09\/krby6.jpg\"><img loading=\"lazy\" decoding=\"async\" width=\"150\" height=\"150\" src=\"http:\/\/www.korosi.cz\/wp-content\/uploads\/2020\/09\/krby6-150x150.jpg\" alt=\"\" data-id=\"68\" data-full-url=\"http:\/\/www.korosi.cz\/wp-content\/uploads\/2020\/09\/krby6.jpg\" data-link=\"http:\/\/www.korosi.cz\/index.php\/nase-sluzby\/krby-krbova-kamna-a-krbove-vlozky\/krby6\/\" class=\"wp-image-68\"\/><\/a><\/figure><\/li><li class=\"blocks-gallery-item\"><figure><a href=\"http:\/\/www.korosi.cz\/wp-content\/uploads\/2020\/09\/krby7.jpg\"><img loading=\"lazy\" decoding=\"async\" width=\"150\" height=\"150\" src=\"http:\/\/www.korosi.cz\/wp-content\/uploads\/2020\/09\/krby7-150x150.jpg\" alt=\"\" data-id=\"69\" data-full-url=\"http:\/\/www.korosi.cz\/wp-content\/uploads\/2020\/09\/krby7.jpg\" data-link=\"http:\/\/www.korosi.cz\/index.php\/nase-sluzby\/krby-krbova-kamna-a-krbove-vlozky\/krby7\/\" class=\"wp-image-69\"\/><\/a><\/figure><\/li><\/ul><\/figure>\n\n\n\n<h2 class=\"wp-block-heading\"><strong>Krbov\u00e9 vlo\u017eky<\/strong>\u200b\u200b<\/h2>\n\n\n\n<p>Krbov\u00e1 vlo\u017eka tvo\u0159\u00ed z\u00e1klad krbu, krbov\u00fdch kamen \u010di krbov\u00e9 obestavby. Krbov\u00e9 vlo\u017eky jsou vysoce estetickou a p\u0159edev\u0161\u00edm funk\u010dn\u00ed \u010d\u00e1st\u00ed ka\u017ed\u00e9ho krbu. Topeni\u0161t\u011b krbov\u00e9 vlo\u017eky je od m\u00edstnosti odd\u011bleno prosklen\u00fdmi dv\u00ed\u0159ky, kter\u00e1 zaji\u0161\u0165uj\u00ed bezpe\u010dn\u00fd provoz krbu.<\/p>\n\n\n\n<p>Dv\u00ed\u0159ka jsou vyrobena ze \u017e\u00e1ruvzdorn\u00e9ho keramick\u00e9ho skla, kter\u00e9 je \u010di\u0161t\u011bno proudem vzduchu. V\u011bt\u0161ina krbov\u00fdch vlo\u017eek je opat\u0159ena regul\u00e1tory prim\u00e1rn\u00edho a sekund\u00e1rn\u00edho vzduchu a dal\u0161\u00edm p\u0159\u00edslu\u0161enstv\u00edm.<\/p>\n\n\n\n<figure class=\"wp-block-gallery columns-3 is-cropped wp-block-gallery-3 is-layout-flex wp-block-gallery-is-layout-flex\"><ul class=\"blocks-gallery-grid\"><li class=\"blocks-gallery-item\"><figure><a href=\"http:\/\/www.korosi.cz\/wp-content\/uploads\/2020\/09\/krby10.jpg\"><img loading=\"lazy\" decoding=\"async\" width=\"150\" height=\"150\" src=\"http:\/\/www.korosi.cz\/wp-content\/uploads\/2020\/09\/krby10-150x150.jpg\" alt=\"\" data-id=\"75\" data-full-url=\"http:\/\/www.korosi.cz\/wp-content\/uploads\/2020\/09\/krby10.jpg\" data-link=\"http:\/\/www.korosi.cz\/krby10\/\" class=\"wp-image-75\" srcset=\"https:\/\/www.korosi.cz\/wp-content\/uploads\/2020\/09\/krby10-150x150.jpg 150w, https:\/\/www.korosi.cz\/wp-content\/uploads\/2020\/09\/krby10-160x160.jpg 160w\" sizes=\"(max-width: 150px) 100vw, 150px\" \/><\/a><\/figure><\/li><li class=\"blocks-gallery-item\"><figure><a href=\"http:\/\/www.korosi.cz\/wp-content\/uploads\/2020\/09\/krby9.jpg\"><img loading=\"lazy\" decoding=\"async\" width=\"150\" height=\"150\" src=\"http:\/\/www.korosi.cz\/wp-content\/uploads\/2020\/09\/krby9-150x150.jpg\" alt=\"\" data-id=\"74\" data-full-url=\"http:\/\/www.korosi.cz\/wp-content\/uploads\/2020\/09\/krby9.jpg\" data-link=\"http:\/\/www.korosi.cz\/krby9\/\" class=\"wp-image-74\"\/><\/a><\/figure><\/li><li class=\"blocks-gallery-item\"><figure><a href=\"http:\/\/www.korosi.cz\/wp-content\/uploads\/2020\/09\/krby8.jpg\"><img loading=\"lazy\" decoding=\"async\" width=\"150\" height=\"150\" src=\"http:\/\/www.korosi.cz\/wp-content\/uploads\/2020\/09\/krby8-150x150.jpg\" alt=\"\" data-id=\"73\" data-full-url=\"http:\/\/www.korosi.cz\/wp-content\/uploads\/2020\/09\/krby8.jpg\" data-link=\"http:\/\/www.korosi.cz\/krby8\/\" class=\"wp-image-73\"\/><\/a><\/figure><\/li><\/ul><\/figure>\n\n\n\n<h2 class=\"wp-block-heading\">Rozhodov\u00e1n\u00ed p\u0159i volb\u011b krbu, krbov\u00fdch kamen a krbov\u00fdch vlo\u017eek&nbsp;<br>je odbornou z\u00e1le\u017eitost\u00ed z hlediska po\u017eadovan\u00e9ho v\u00fdkonu,&nbsp;<br>kou\u0159ovodu i bezpe\u010dnosti provozu.<\/h2>\n\n\n\n<p>Proto\u00a0firma <strong>K\u00f6r\u00f6si Josef \u2013 Kominictv\u00ed<\/strong> z Fulneku nab\u00edz\u00ed odborn\u00e9 poradenstv\u00ed i realizaci Va\u0161ich z\u00e1m\u011br\u016f. M\u016f\u017eete se na n\u00e1s obr\u00e1tit telefonicky na tel. \u010d\u00edsle: <a href=\"tel:+420603866764\"><strong>+420603866764<\/strong><\/a>, nebo vyu\u017e\u00edt n\u00e1\u0161 <strong><a href=\"http:\/\/www.korosi.cz\/index.php\/kontaktni-informace\/\" data-type=\"page\" data-id=\"10\">Kontaktn\u00ed formul\u00e1\u0159<\/a><\/strong><\/p>\n","protected":false},"excerpt":{"rendered":"<p>Na\u0161e kominick\u00e1 firma K\u00f6r\u00f6si Josef&nbsp;nab\u00edz\u00ed krby, krbov\u00e1 kamna a krbov\u00e9 vlo\u017eky.&nbsp; \u200b\u200bSpecializujeme se na atypick\u00e9 stavby krb\u016f, ale dod\u00e1v\u00e1me a montujeme i typizovan\u00e9 krby. Prov\u00e1d\u00edme mont\u00e1\u017e krb\u016f na d\u0159evo, teplovzdu\u0161n\u00fdch i teplovodn\u00edch (s krbovou vlo\u017ekou). U teplovzdu\u0161n\u00fdch krb\u016f prov\u00e1d\u00edme nucen\u00e9 i samovoln\u00e9 regulovateln\u00e9 rozvody tepla do cel\u00e9ho domu. Zajist\u00edme t\u00e9\u017e dod\u00e1n\u00ed a mont\u00e1\u017e r\u016fzn\u00fdch druh\u016f [&hellip;]<\/p>\n","protected":false},"author":1,"featured_media":0,"parent":15,"menu_order":0,"comment_status":"closed","ping_status":"closed","template":"","meta":{"footnotes":""},"_links":{"self":[{"href":"https:\/\/www.korosi.cz\/index.php\/wp-json\/wp\/v2\/pages\/53"}],"collection":[{"href":"https:\/\/www.korosi.cz\/index.php\/wp-json\/wp\/v2\/pages"}],"about":[{"href":"https:\/\/www.korosi.cz\/index.php\/wp-json\/wp\/v2\/types\/page"}],"author":[{"embeddable":true,"href":"https:\/\/www.korosi.cz\/index.php\/wp-json\/wp\/v2\/users\/1"}],"replies":[{"embeddable":true,"href":"https:\/\/www.korosi.cz\/index.php\/wp-json\/wp\/v2\/comments?post=53"}],"version-history":[{"count":11,"href":"https:\/\/www.korosi.cz\/index.php\/wp-json\/wp\/v2\/pages\/53\/revisions"}],"predecessor-version":[{"id":78,"href":"https:\/\/www.korosi.cz\/index.php\/wp-json\/wp\/v2\/pages\/53\/revisions\/78"}],"up":[{"embeddable":true,"href":"https:\/\/www.korosi.cz\/index.php\/wp-json\/wp\/v2\/pages\/15"}],"wp:attachment":[{"href":"https:\/\/www.korosi.cz\/index.php\/wp-json\/wp\/v2\/media?parent=53"}],"curies":[{"name":"wp","href":"https:\/\/api.w.org\/{rel}","templated":true}]}}